{"id":129,"date":"2022-06-24T15:05:05","date_gmt":"2022-06-24T13:05:05","guid":{"rendered":"http:\/\/stopzmianomklimatu.org.pl\/?page_id=129"},"modified":"2022-09-06T12:05:54","modified_gmt":"2022-09-06T10:05:54","slug":"129-2","status":"publish","type":"page","link":"https:\/\/stopzmianomklimatu.org.pl\/index.php\/129-2\/","title":{"rendered":"Warsztaty"},"content":{"rendered":"<p>[et_pb_section fb_built=&#8221;1&#8243; _builder_version=&#8221;4.17.4&#8243; _module_preset=&#8221;default&#8221; custom_padding=&#8221;||0px|||&#8221; global_colors_info=&#8221;{}&#8221;][et_pb_row column_structure=&#8221;1_4,3_4&#8243; _builder_version=&#8221;4.17.4&#8243; _module_preset=&#8221;default&#8221; global_colors_info=&#8221;{}&#8221;][et_pb_column type=&#8221;1_4&#8243; _builder_version=&#8221;4.17.4&#8243; _module_preset=&#8221;default&#8221; global_colors_info=&#8221;{}&#8221;][et_pb_image src=&#8221;https:\/\/stopzmianomklimatu.org.pl\/wp-content\/uploads\/2022\/09\/ikonka_warsztaty.png&#8221; title_text=&#8221;ikonka_warsztaty&#8221; _builder_version=&#8221;4.17.4&#8243; _module_preset=&#8221;default&#8221; hover_enabled=&#8221;0&#8243; global_colors_info=&#8221;{}&#8221; sticky_enabled=&#8221;0&#8243;][\/et_pb_image][et_pb_image src=&#8221;https:\/\/stopzmianomklimatu.org.pl\/wp-content\/uploads\/2022\/06\/warsztaty2.jpg&#8221; title_text=&#8221;warsztaty2&#8243; _builder_version=&#8221;4.17.4&#8243; _module_preset=&#8221;default&#8221; global_colors_info=&#8221;{}&#8221;][\/et_pb_image][\/et_pb_column][et_pb_column type=&#8221;3_4&#8243; _builder_version=&#8221;4.17.4&#8243; _module_preset=&#8221;default&#8221; global_colors_info=&#8221;{}&#8221;][et_pb_text _builder_version=&#8221;4.17.4&#8243; _module_preset=&#8221;default&#8221; global_colors_info=&#8221;{}&#8221;]<\/p>\n<h1><span style=\"color: #007bb7;\">WARSZTATY EDUKACYJNE DLA UCZNI\u00d3W<\/span><\/h1>\n<p>W ramach programu &#8222;Ochrona ekosystem\u00f3w &#8211; stop zmianom klimatu&#8221; realizujemy warsztaty edukacyjne dotycz\u0105ce zagadnie\u0144 zwi\u0105zanych ze zmianami klimatu.<\/p>\n<p><span style=\"color: #007bb7;\"><strong>Edukacyjne warsztaty terenowe<\/strong><\/span> w 6 wariantach tematycznych przeznaczone dla uczni\u00f3w ze szk\u00f3\u0142 z wojew\u00f3dztw: kujawsko-pomorskiego, wielkopolskiego i warmi\u0144sko-mazurskiego. Warsztaty b\u0119d\u0105 przeprowadzane z podzia\u0142em na grupy wiekowe:przedszkole, klasy I &#8211; IV, klasy V &#8211; VIII oraz szko\u0142y ponadpodstawowe.<\/p>\n<p>&nbsp;<\/p>\n<h3 id=\"h_29920140721656317345773\"><a href=\"#w1\"><span style=\"color: #007bb7;\">1. Wiem, czym s\u0105 zmiany klimatyczne.<\/span><\/a><\/h3>\n<h3 id=\"h_71913260691656317779783\"><a href=\"#w2\"><span style=\"color: #007bb7;\">2. Jak przygotowujemy si\u0119 na zmiany klimatu?<\/span><\/a><\/h3>\n<h3 id=\"h_673153234151656317787568\"><a href=\"#w3\"><span style=\"color: #007bb7;\">3. Stop niskiej emisji &#8211; start czyste powietrze.<\/span><\/a><\/h3>\n<h3><a href=\"#w4\"><span style=\"color: #007bb7;\">4. Mokrad\u0142a s\u0105 wa\u017cne! &#8211; co to s\u0105 us\u0142ugi ekosystemowe?<\/span><\/a><\/h3>\n<h3><a href=\"#w5\"><span style=\"color: #007bb7;\">5. Ekosystemy w\u00f3d \u015br\u00f3dl\u0105dowych.<\/span><\/a><\/h3>\n<h3><a href=\"#w6\"><span style=\"color: #007bb7;\">6. Warsztaty na \u015bcie\u017cce edukacyjnej z aplikacj\u0105 &#8222;Tilia&#8221;.<\/span><\/a><\/h3>\n<h3><a href=\"#w7\"><span style=\"color: #007bb7;\">7. Warsztaty w formie nauki zdalnej.<\/span><\/a><\/h3>\n<p>[\/et_pb_text][\/et_pb_column][\/et_pb_row][\/et_pb_section][et_pb_section fb_built=&#8221;1&#8243; _builder_version=&#8221;4.17.4&#8243; _module_preset=&#8221;default&#8221; min_height=&#8221;381.2px&#8221; custom_padding=&#8221;1px|||||&#8221; global_colors_info=&#8221;{}&#8221;][et_pb_row column_structure=&#8221;1_4,3_4&#8243; _builder_version=&#8221;4.17.4&#8243; _module_preset=&#8221;default&#8221; global_colors_info=&#8221;{}&#8221;][et_pb_column type=&#8221;1_4&#8243; _builder_version=&#8221;4.17.4&#8243; _module_preset=&#8221;default&#8221; global_colors_info=&#8221;{}&#8221;][et_pb_image src=&#8221;https:\/\/stopzmianomklimatu.org.pl\/wp-content\/uploads\/2022\/06\/warsztaty1.jpg&#8221; title_text=&#8221;warsztaty1&#8243; _builder_version=&#8221;4.17.4&#8243; _module_preset=&#8221;default&#8221; global_colors_info=&#8221;{}&#8221;][\/et_pb_image][\/et_pb_column][et_pb_column type=&#8221;3_4&#8243; _builder_version=&#8221;4.17.4&#8243; _module_preset=&#8221;default&#8221; global_colors_info=&#8221;{}&#8221;][et_pb_text _builder_version=&#8221;4.17.4&#8243; _module_preset=&#8221;default&#8221; global_colors_info=&#8221;{}&#8221;]<\/p>\n<h1><span style=\"color: #007bb7;\">Warsztaty terenowe realizowane w SzkoleLe\u015bnej na Barbarce w Toruniu oraz on-line<\/span><\/h1>\n<p>Dodatkowo oferujemy r\u00f3wnie\u017c 3 pakiety warsztat\u00f3w z opracowaniem merytorycznym i graficznym <strong>do nauki zdalnej<\/strong>, dost\u0119pne dla nauczycieli po wcze\u015bniejszym zg\u0142oszeniu i zalogowaniu si\u0119 do portalu. Ka\u017cdy z trzech pakiet\u00f3w zawiera prezentacj\u0119 warsztatow\u0105,filmik i karty zada\u0144 dla 3 kategorii wiekowych: I-III, V-VIII, szko\u0142y ponadpodstawowe.<\/p>\n<p>Prowadz\u0105cy warsztaty to nasi specjali\u015bci i wykwalifikowani dydaktycy, kt\u00f3rzy dopasuj\u0105 ka\u017cdy warsztat do wieku oraz poziomu rozwoju intelektualnego uczestnik\u00f3w, a tak\u017ce odpowiednio do trwaj\u0105cej pory roku.<br \/>Istnieje mo\u017cliwo\u015b\u0107 realizacji warsztat\u00f3w<strong> podczas kilkudniowych pobyt\u00f3w<\/strong> w Szkole Le\u015bnej na Barbarce!<\/p>\n<p><span style=\"color: #007bb7;\"><strong>Termin realizacji warsztat\u00f3w: stycze\u0144 2022 r. &#8211; grudzie\u0144 2023 r.<\/strong><\/span><\/p>\n<p><span style=\"color: #007bb7;\"><strong><\/strong><\/span><\/p>\n<h3><span style=\"color: #007bb7;\">Zapraszamy grupy przedszkolne, szkolne oraz m\u0142odzie\u017c szk\u00f3\u0142 \u015brednich!<\/span><\/h3>\n<h3><strong><span style=\"color: #007bb7;\"><\/span><\/strong><\/h3>\n<h3><strong><span style=\"color: #007bb7;\">Zapisy pod numerem telefonu: 56 65 76 085<\/span><\/strong><\/h3>\n<p>[\/et_pb_text][\/et_pb_column][\/et_pb_row][\/et_pb_section][et_pb_section fb_built=&#8221;1&#8243; module_id=&#8221;w1&#8243; _builder_version=&#8221;4.17.4&#8243; _module_preset=&#8221;default&#8221; min_height=&#8221;592px&#8221; custom_margin=&#8221;-70px|||||&#8221; custom_padding=&#8221;||0px|||&#8221; global_colors_info=&#8221;{}&#8221;][et_pb_row column_structure=&#8221;1_4,3_4&#8243; _builder_version=&#8221;4.17.4&#8243; _module_preset=&#8221;default&#8221; custom_margin=&#8221;-29px|auto||auto||&#8221; custom_padding=&#8221;||0px|||&#8221; global_colors_info=&#8221;{}&#8221;][et_pb_column type=&#8221;1_4&#8243; _builder_version=&#8221;4.17.4&#8243; _module_preset=&#8221;default&#8221; global_colors_info=&#8221;{}&#8221;][et_pb_image src=&#8221;https:\/\/stopzmianomklimatu.org.pl\/wp-content\/uploads\/2022\/06\/warsztaty4.jpg&#8221; title_text=&#8221;warsztaty4&#8243; _builder_version=&#8221;4.17.4&#8243; _module_preset=&#8221;default&#8221; global_colors_info=&#8221;{}&#8221;][\/et_pb_image][et_pb_image src=&#8221;https:\/\/stopzmianomklimatu.org.pl\/wp-content\/uploads\/2022\/06\/warsztaty3.jpg&#8221; title_text=&#8221;warsztaty3&#8243; _builder_version=&#8221;4.17.4&#8243; _module_preset=&#8221;default&#8221; global_colors_info=&#8221;{}&#8221;][\/et_pb_image][\/et_pb_column][et_pb_column type=&#8221;3_4&#8243; _builder_version=&#8221;4.17.4&#8243; _module_preset=&#8221;default&#8221; global_colors_info=&#8221;{}&#8221;][et_pb_text _builder_version=&#8221;4.17.4&#8243; _module_preset=&#8221;default&#8221; global_colors_info=&#8221;{}&#8221;]<\/p>\n<h1 style=\"text-align: left;\"><strong><span style=\"color: #007bb7;\">1.\u00a0 Wiem, czym s\u0105 zmiany klimatyczne.<\/span><\/strong><\/h1>\n<h3><span style=\"color: #007bb7;\"><strong><\/strong><\/span><\/h3>\n<h3><span style=\"color: #007bb7;\">Zagadnienia poruszane podczas warsztatu:<\/span><span style=\"color: #007bb7;\"><strong><\/strong><\/span><\/h3>\n<ul>\n<li>jakie s\u0105 skutki zmian klimatu i czy je widzimy?<\/li>\n<li>jakie b\u0119d\u0105 konsekwencje zmian klimatu w przysz\u0142o\u015bci?<\/li>\n<li>jakie s\u0105 tendencje i konsekwencje tych zmian w ekosystemach? jakie s\u0105 konsekwencje zmian klimatu w rolnictwie?<\/li>\n<li>jak w obliczu zmian klimatu ma si\u0119 energetyka? co to jest 17 cel\u00f3w Zr\u00f3wnowa\u017conego Rozwoju? po co nam Agenda 2030 i jakie jest jej znaczenie?<\/li>\n<\/ul>\n<h3><span style=\"color: #007bb7;\">Grupy wiekowe:<\/span><\/h3>\n<ul>\n<li><strong><\/strong>przedszkole<\/li>\n<li>klasy I &#8211; IV<\/li>\n<li>klasy V &#8211; VIII<\/li>\n<li>szko\u0142y ponadpodstawowe<\/li>\n<\/ul>\n<h3><span style=\"color: #007bb7;\">Materia\u0142y dla uczni\u00f3w\/nauczycieli:<\/span><\/h3>\n<ul>\n<li>scenariusz<\/li>\n<li>karty pracy<\/li>\n<li>zadania aktywizuj\u0105ce<\/li>\n<li>za\u0142\u0105czniki<\/li>\n<\/ul>\n<p>[\/et_pb_text][\/et_pb_column][\/et_pb_row][\/et_pb_section][et_pb_section fb_built=&#8221;1&#8243; module_id=&#8221;w2&#8243; _builder_version=&#8221;4.17.4&#8243; _module_preset=&#8221;default&#8221; min_height=&#8221;553px&#8221; custom_margin=&#8221;-70px|||||&#8221; custom_padding=&#8221;92px||0px|||&#8221; global_colors_info=&#8221;{}&#8221;][et_pb_row column_structure=&#8221;1_4,3_4&#8243; _builder_version=&#8221;4.17.4&#8243; _module_preset=&#8221;default&#8221; custom_margin=&#8221;-29px|auto||auto||&#8221; custom_padding=&#8221;||0px|||&#8221; global_colors_info=&#8221;{}&#8221;][et_pb_column type=&#8221;1_4&#8243; _builder_version=&#8221;4.17.4&#8243; _module_preset=&#8221;default&#8221; global_colors_info=&#8221;{}&#8221;][et_pb_image src=&#8221;https:\/\/stopzmianomklimatu.org.pl\/wp-content\/uploads\/2022\/06\/warsztaty5.jpg&#8221; title_text=&#8221;warsztaty5&#8243; _builder_version=&#8221;4.17.4&#8243; _module_preset=&#8221;default&#8221; global_colors_info=&#8221;{}&#8221;][\/et_pb_image][et_pb_image src=&#8221;https:\/\/stopzmianomklimatu.org.pl\/wp-content\/uploads\/2022\/06\/warsztaty6.jpg&#8221; title_text=&#8221;warsztaty6&#8243; _builder_version=&#8221;4.17.4&#8243; _module_preset=&#8221;default&#8221; global_colors_info=&#8221;{}&#8221;][\/et_pb_image][\/et_pb_column][et_pb_column type=&#8221;3_4&#8243; _builder_version=&#8221;4.17.4&#8243; _module_preset=&#8221;default&#8221; global_colors_info=&#8221;{}&#8221;][et_pb_text _builder_version=&#8221;4.17.4&#8243; _module_preset=&#8221;default&#8221; global_colors_info=&#8221;{}&#8221;]<\/p>\n<h1 style=\"text-align: left;\"><strong><span style=\"color: #007bb7;\">2.\u00a0 Jak przygotowujemy si\u0119 na zmiany klimatu?<br \/>\n<\/span><\/strong><\/h1>\n<h3><span style=\"color: #007bb7;\"><strong><\/strong><\/span><\/h3>\n<h3><span style=\"color: #007bb7;\">Zagadnienia poruszane podczas warsztatu:<\/span><span style=\"color: #007bb7;\"><strong><\/strong><\/span><\/h3>\n<ul>\n<li>co to jest Europejska polityka adaptacji do zmian klimatu?<\/li>\n<li>o czym m\u00f3wi krajowa i regionalna polityka adaptacyjna?<\/li>\n<li>jak prowadzona jest edukacja spo\u0142ecze\u0144stwa w zakresie spodziewanych zmian?<\/li>\n<li>jakie mamy mo\u017cliwo\u015bci ograniczania skutk\u00f3w zmian klimatu?<\/li>\n<li>co to znaczy zielona i niebieska infrastruktura?<\/li>\n<\/ul>\n<h3><span style=\"color: #007bb7;\">Grupy wiekowe:<\/span><\/h3>\n<ul>\n<li><strong><\/strong>przedszkole<\/li>\n<li>klasy I &#8211; IV<\/li>\n<li>klasy V &#8211; VIII<\/li>\n<li>szko\u0142y ponadpodstawowe<\/li>\n<\/ul>\n<h3><span style=\"color: #007bb7;\">Materia\u0142y dla uczni\u00f3w\/nauczycieli:<\/span><\/h3>\n<ul>\n<li>scenariusz<\/li>\n<li>karty pracy<\/li>\n<li>zadania aktywizuj\u0105ce<\/li>\n<li>za\u0142\u0105czniki<\/li>\n<\/ul>\n<p>[\/et_pb_text][\/et_pb_column][\/et_pb_row][\/et_pb_section][et_pb_section fb_built=&#8221;1&#8243; module_id=&#8221;w3&#8243; _builder_version=&#8221;4.17.4&#8243; _module_preset=&#8221;default&#8221; min_height=&#8221;553px&#8221; custom_margin=&#8221;-70px|||||&#8221; custom_padding=&#8221;92px||0px|||&#8221; global_colors_info=&#8221;{}&#8221;][et_pb_row column_structure=&#8221;1_4,3_4&#8243; _builder_version=&#8221;4.17.4&#8243; _module_preset=&#8221;default&#8221; custom_margin=&#8221;-29px|auto||auto||&#8221; custom_padding=&#8221;||0px|||&#8221; global_colors_info=&#8221;{}&#8221;][et_pb_column type=&#8221;1_4&#8243; _builder_version=&#8221;4.17.4&#8243; _module_preset=&#8221;default&#8221; global_colors_info=&#8221;{}&#8221;][et_pb_image src=&#8221;https:\/\/stopzmianomklimatu.org.pl\/wp-content\/uploads\/2022\/06\/warsztaty8.jpg&#8221; title_text=&#8221;warsztaty8&#8243; _builder_version=&#8221;4.17.4&#8243; _module_preset=&#8221;default&#8221; global_colors_info=&#8221;{}&#8221;][\/et_pb_image][et_pb_image src=&#8221;https:\/\/stopzmianomklimatu.org.pl\/wp-content\/uploads\/2022\/06\/warsztaty7.jpg&#8221; title_text=&#8221;warsztaty7&#8243; _builder_version=&#8221;4.17.4&#8243; _module_preset=&#8221;default&#8221; global_colors_info=&#8221;{}&#8221;][\/et_pb_image][\/et_pb_column][et_pb_column type=&#8221;3_4&#8243; _builder_version=&#8221;4.17.4&#8243; _module_preset=&#8221;default&#8221; global_colors_info=&#8221;{}&#8221;][et_pb_text _builder_version=&#8221;4.17.4&#8243; _module_preset=&#8221;default&#8221; global_colors_info=&#8221;{}&#8221;]<\/p>\n<h1 style=\"text-align: left;\"><strong><span style=\"color: #007bb7;\">3.\u00a0 Stop niskiej emisji &#8211; start czyste powietrze<br \/>\n<\/span><\/strong><\/h1>\n<h3><span style=\"color: #007bb7;\"><strong><\/strong><\/span><\/h3>\n<h3><span style=\"color: #007bb7;\">Zagadnienia poruszane podczas warsztatu:<\/span><span style=\"color: #007bb7;\"><strong><\/strong><\/span><\/h3>\n<ul>\n<li>co to jest niska emisja?<\/li>\n<li>jakie s\u0105 przyczyny , objawy i skutki niskiej emisji? co jest g\u0142\u00f3wnym \u017ar\u00f3d\u0142em niskiej emisji?<\/li>\n<li>co to jest smog?<\/li>\n<li>jakie s\u0105 przyczyny powstawania smogu w miastach? jakie mamy sposoby zapobiegania<\/li>\n<li>zanieczyszczeniom? jak niska emisja wp\u0142ywa na nasze zdrowie?<\/li>\n<\/ul>\n<h3><span style=\"color: #007bb7;\">Grupy wiekowe:<\/span><\/h3>\n<ul>\n<li><strong><\/strong>przedszkole<\/li>\n<li>klasy I &#8211; IV<\/li>\n<li>klasy V &#8211; VIII<\/li>\n<li>szko\u0142y ponadpodstawowe<\/li>\n<\/ul>\n<h3><span style=\"color: #007bb7;\">Materia\u0142y dla uczni\u00f3w\/nauczycieli:<\/span><\/h3>\n<ul>\n<li>scenariusz<\/li>\n<li>karty pracy<\/li>\n<\/ul>\n<p>[\/et_pb_text][\/et_pb_column][\/et_pb_row][\/et_pb_section][et_pb_section fb_built=&#8221;1&#8243; module_id=&#8221;w4&#8243; _builder_version=&#8221;4.17.4&#8243; _module_preset=&#8221;default&#8221; min_height=&#8221;553px&#8221; custom_margin=&#8221;-70px|||||&#8221; custom_padding=&#8221;92px||0px|||&#8221; global_colors_info=&#8221;{}&#8221;][et_pb_row column_structure=&#8221;1_4,3_4&#8243; _builder_version=&#8221;4.17.4&#8243; _module_preset=&#8221;default&#8221; custom_margin=&#8221;-29px|auto||auto||&#8221; custom_padding=&#8221;||0px|||&#8221; global_colors_info=&#8221;{}&#8221;][et_pb_column type=&#8221;1_4&#8243; _builder_version=&#8221;4.17.4&#8243; _module_preset=&#8221;default&#8221; global_colors_info=&#8221;{}&#8221;][et_pb_image src=&#8221;https:\/\/stopzmianomklimatu.org.pl\/wp-content\/uploads\/2022\/06\/warsztaty9.jpg&#8221; title_text=&#8221;warsztaty9&#8243; _builder_version=&#8221;4.17.4&#8243; _module_preset=&#8221;default&#8221; global_colors_info=&#8221;{}&#8221;][\/et_pb_image][et_pb_image src=&#8221;https:\/\/stopzmianomklimatu.org.pl\/wp-content\/uploads\/2022\/06\/warsztaty10.jpg&#8221; title_text=&#8221;warsztaty10&#8243; _builder_version=&#8221;4.17.4&#8243; _module_preset=&#8221;default&#8221; global_colors_info=&#8221;{}&#8221;][\/et_pb_image][\/et_pb_column][et_pb_column type=&#8221;3_4&#8243; _builder_version=&#8221;4.17.4&#8243; _module_preset=&#8221;default&#8221; global_colors_info=&#8221;{}&#8221;][et_pb_text _builder_version=&#8221;4.17.4&#8243; _module_preset=&#8221;default&#8221; global_colors_info=&#8221;{}&#8221;]<\/p>\n<h1 style=\"text-align: left;\"><strong><span style=\"color: #007bb7;\">4. Mokrad\u0142a s\u0105 wa\u017cne! &#8211; co to s\u0105 us\u0142ugi ekosystemowe?<\/span><\/strong><\/h1>\n<h3><span style=\"color: #007bb7;\"><strong><\/strong><\/span><\/h3>\n<h3><span style=\"color: #007bb7;\">Zagadnienia poruszane podczas warsztatu:<\/span><span style=\"color: #007bb7;\"><strong><\/strong><\/span><\/h3>\n<ul>\n<li>co nazywamy mokrad\u0142em?<\/li>\n<li>co to s\u0105 us\u0142ugi ekosystemowe?<\/li>\n<li>jakie s\u0105 koncepcje i zastosowanie us\u0142ug ekosystemowych?<\/li>\n<li>jak us\u0142ugi ekosystemowe wp\u0142ywaj\u0105 na zr\u00f3wnowa\u017cony rozw\u00f3j?<\/li>\n<li>jaka jest rola ekosystem\u00f3w w regulacji zmian klimatu?<\/li>\n<li>dlaczego ekosystemy modkrade\u0142 s\u0105 szans\u0105 na spowolnienie zmian klimatu?<\/li>\n<li>jak wygl\u0105daj\u0105 us\u0142ugi ekosystemowe w miastach i jaki maj\u0105 wp\u0142yw na potrzeby mieszka\u0144c\u00f3w?<\/li>\n<\/ul>\n<h3><span style=\"color: #007bb7;\">Grupy wiekowe:<\/span><\/h3>\n<ul>\n<li><strong><\/strong>przedszkole<\/li>\n<li>klasy I &#8211; IV<\/li>\n<li>klasy V &#8211; VIII<\/li>\n<li>szko\u0142y ponadpodstawowe<\/li>\n<\/ul>\n<h3><span style=\"color: #007bb7;\">Materia\u0142y dla uczni\u00f3w\/nauczycieli:<\/span><\/h3>\n<ul>\n<li>scenariusz<\/li>\n<li>karty pracy<\/li>\n<li>zadania aktywizuj\u0105ce<\/li>\n<li>za\u0142\u0105czniki<\/li>\n<\/ul>\n<p>[\/et_pb_text][\/et_pb_column][\/et_pb_row][\/et_pb_section][et_pb_section fb_built=&#8221;1&#8243; module_id=&#8221;w5&#8243; _builder_version=&#8221;4.17.4&#8243; _module_preset=&#8221;default&#8221; min_height=&#8221;553px&#8221; custom_margin=&#8221;-70px|||||&#8221; custom_padding=&#8221;92px||0px|||&#8221; global_colors_info=&#8221;{}&#8221;][et_pb_row column_structure=&#8221;1_4,3_4&#8243; _builder_version=&#8221;4.17.4&#8243; _module_preset=&#8221;default&#8221; custom_margin=&#8221;-29px|auto||auto||&#8221; custom_padding=&#8221;||0px|||&#8221; global_colors_info=&#8221;{}&#8221;][et_pb_column type=&#8221;1_4&#8243; _builder_version=&#8221;4.17.4&#8243; _module_preset=&#8221;default&#8221; global_colors_info=&#8221;{}&#8221;][et_pb_image src=&#8221;https:\/\/stopzmianomklimatu.org.pl\/wp-content\/uploads\/2022\/06\/warsztaty12.jpg&#8221; title_text=&#8221;warsztaty12&#8243; _builder_version=&#8221;4.17.4&#8243; _module_preset=&#8221;default&#8221; global_colors_info=&#8221;{}&#8221;][\/et_pb_image][et_pb_image src=&#8221;https:\/\/stopzmianomklimatu.org.pl\/wp-content\/uploads\/2022\/06\/warsztaty11.jpg&#8221; title_text=&#8221;warsztaty11&#8243; _builder_version=&#8221;4.17.4&#8243; _module_preset=&#8221;default&#8221; global_colors_info=&#8221;{}&#8221;][\/et_pb_image][\/et_pb_column][et_pb_column type=&#8221;3_4&#8243; _builder_version=&#8221;4.17.4&#8243; _module_preset=&#8221;default&#8221; global_colors_info=&#8221;{}&#8221;][et_pb_text _builder_version=&#8221;4.17.4&#8243; _module_preset=&#8221;default&#8221; global_colors_info=&#8221;{}&#8221;]<\/p>\n<h1 style=\"text-align: left;\"><strong><span style=\"color: #007bb7;\">5. Ekosystemy w\u00f3d \u015br\u00f3dl\u0105dowych<\/span><\/strong><\/h1>\n<h3><span style=\"color: #007bb7;\"><strong><\/strong><\/span><\/h3>\n<h3><span style=\"color: #007bb7;\">Zagadnienia poruszane podczas warsztatu:<\/span><span style=\"color: #007bb7;\"><strong><\/strong><\/span><\/h3>\n<ul>\n<li>jakie wyr\u00f3\u017cniamy typy w\u00f3d?<\/li>\n<li>jak ro\u015bliny i zwierz\u0119ta przystosowa\u0142y si\u0119 do \u017cycia w wodzie?<\/li>\n<li>na jakie strefy dzielimy zbiorniki w\u00f3d stoj\u0105cych?<\/li>\n<li>jak przeprowadzi\u0107 badania fizyko-chemiczne w terenie?<\/li>\n<li>jakie gatunki ro\u015blin i zwierz\u0105t zamieszkuj\u0105 zbiorniki wodne?<\/li>\n<li>jakie znamy sposoby ochrony w\u00f3d?<\/li>\n<\/ul>\n<h3><span style=\"color: #007bb7;\">Grupy wiekowe:<\/span><\/h3>\n<ul>\n<li><strong><\/strong>przedszkole<\/li>\n<li>klasy I &#8211; IV<\/li>\n<li>klasy V &#8211; VIII<\/li>\n<li>szko\u0142y ponadpodstawowe<\/li>\n<\/ul>\n<h3><span style=\"color: #007bb7;\">Materia\u0142y dla uczni\u00f3w\/nauczycieli:<\/span><\/h3>\n<ul>\n<li>scenariusz<\/li>\n<li>karty pracy<\/li>\n<li>zadania aktywizuj\u0105ce<\/li>\n<li>za\u0142\u0105czniki<\/li>\n<\/ul>\n<p>[\/et_pb_text][\/et_pb_column][\/et_pb_row][\/et_pb_section][et_pb_section fb_built=&#8221;1&#8243; module_id=&#8221;w6&#8243; _builder_version=&#8221;4.17.4&#8243; _module_preset=&#8221;default&#8221; width=&#8221;100%&#8221; min_height=&#8221;553px&#8221; custom_margin=&#8221;-70px|||||&#8221; custom_padding=&#8221;92px||0px|||&#8221; global_colors_info=&#8221;{}&#8221;][et_pb_row column_structure=&#8221;1_4,3_4&#8243; _builder_version=&#8221;4.17.4&#8243; _module_preset=&#8221;default&#8221; custom_margin=&#8221;-29px|auto||auto||&#8221; custom_padding=&#8221;||0px|||&#8221; global_colors_info=&#8221;{}&#8221;][et_pb_column type=&#8221;1_4&#8243; _builder_version=&#8221;4.17.4&#8243; _module_preset=&#8221;default&#8221; global_colors_info=&#8221;{}&#8221;][et_pb_image src=&#8221;https:\/\/stopzmianomklimatu.org.pl\/wp-content\/uploads\/2022\/06\/warsztaty14.jpg&#8221; title_text=&#8221;warsztaty14&#8243; _builder_version=&#8221;4.17.4&#8243; _module_preset=&#8221;default&#8221; global_colors_info=&#8221;{}&#8221;][\/et_pb_image][et_pb_image src=&#8221;https:\/\/stopzmianomklimatu.org.pl\/wp-content\/uploads\/2022\/06\/warsztaty13.jpg&#8221; title_text=&#8221;warsztaty13&#8243; _builder_version=&#8221;4.17.4&#8243; _module_preset=&#8221;default&#8221; global_colors_info=&#8221;{}&#8221;][\/et_pb_image][\/et_pb_column][et_pb_column type=&#8221;3_4&#8243; _builder_version=&#8221;4.17.4&#8243; _module_preset=&#8221;default&#8221; global_colors_info=&#8221;{}&#8221;][et_pb_text _builder_version=&#8221;4.17.4&#8243; _module_preset=&#8221;default&#8221; global_colors_info=&#8221;{}&#8221;]<\/p>\n<h1 style=\"text-align: left;\"><strong><span style=\"color: #007bb7;\">6. Warsztaty na \u015bcie\u017cce edukacyjnej z aplikacj\u0105 &#8222;Tilia&#8221;<\/span><\/strong><\/h1>\n<h3><span style=\"color: #007bb7;\"><strong><\/strong><\/span><\/h3>\n<h3><span style=\"color: #007bb7;\">Zagadnienia poruszane podczas warsztatu:<\/span><span style=\"color: #007bb7;\"><strong><\/strong><\/span><\/h3>\n<ul>\n<li>jakie zagadnienia zwi\u0105zane s\u0105 z ochron\u0105 r\u00f3\u017cnorodno\u015bci biologicznej?<\/li>\n<li>jakie znamy formy ochrony przyrody?<\/li>\n<li>jakie siedliska zwi\u0105zane s\u0105 ze zbiornikami i ciekami wodnymi?<\/li>\n<li>jakie siedliska zwi\u0105zane s\u0105 z ekosystemami l\u0105dowymi?<\/li>\n<\/ul>\n<h3><span style=\"color: #007bb7;\">Grupy wiekowe:<\/span><\/h3>\n<ul>\n<li><strong><\/strong>przedszkole<\/li>\n<li>klasy I &#8211; IV<\/li>\n<li>klasy V &#8211; VIII<\/li>\n<li>szko\u0142y ponadpodstawowe<\/li>\n<\/ul>\n<h3><span style=\"color: #007bb7;\">Materia\u0142y dla uczni\u00f3w\/nauczycieli:<\/span><\/h3>\n<ul>\n<li>aplikacja Tilia<\/li>\n<li>tablice wirtualne<\/li>\n<li>zadania aktywizuj\u0105ce<\/li>\n<\/ul>\n<p>[\/et_pb_text][\/et_pb_column][\/et_pb_row][\/et_pb_section][et_pb_section fb_built=&#8221;1&#8243; module_id=&#8221;w7&#8243; _builder_version=&#8221;4.17.4&#8243; _module_preset=&#8221;default&#8221; min_height=&#8221;553px&#8221; custom_margin=&#8221;-70px|||||&#8221; custom_padding=&#8221;92px||0px|||&#8221; global_colors_info=&#8221;{}&#8221;][et_pb_row column_structure=&#8221;1_4,3_4&#8243; _builder_version=&#8221;4.17.4&#8243; _module_preset=&#8221;default&#8221; custom_margin=&#8221;-29px|auto||auto||&#8221; custom_padding=&#8221;||0px|||&#8221; global_colors_info=&#8221;{}&#8221;][et_pb_column type=&#8221;1_4&#8243; _builder_version=&#8221;4.17.4&#8243; _module_preset=&#8221;default&#8221; global_colors_info=&#8221;{}&#8221;][et_pb_image src=&#8221;https:\/\/stopzmianomklimatu.org.pl\/wp-content\/uploads\/2022\/06\/warsztaty15.jpg&#8221; title_text=&#8221;warsztaty15&#8243; _builder_version=&#8221;4.17.4&#8243; _module_preset=&#8221;default&#8221; global_colors_info=&#8221;{}&#8221;][\/et_pb_image][\/et_pb_column][et_pb_column type=&#8221;3_4&#8243; _builder_version=&#8221;4.17.4&#8243; _module_preset=&#8221;default&#8221; global_colors_info=&#8221;{}&#8221;][et_pb_text _builder_version=&#8221;4.17.4&#8243; _module_preset=&#8221;default&#8221; global_colors_info=&#8221;{}&#8221;]<\/p>\n<h1 style=\"text-align: left;\"><strong><span style=\"color: #007bb7;\">7. Warsztaty w formie nauki zdalnej<br \/>\n<\/span><\/strong><\/h1>\n<h3><span style=\"color: #007bb7;\"><strong><\/strong><\/span><\/h3>\n<h3><span style=\"color: #007bb7;\">Materia\u0142y w formie umo\u017cliwiaj\u0105cej przeprowadzenie lekcji zdalnych dost\u0119pne s\u0105 dla warsztat\u00f3w:<\/span><span style=\"color: #007bb7;\"><strong><\/strong><\/span><\/h3>\n<ul>\n<li>Jak przygotowujemy si\u0119 na zmiany klimatu?<\/li>\n<li>Mokrad\u0142a s\u0105 wa\u017cne? &#8211; co to s\u0105 us\u0142ugi ekosystemowe?<\/li>\n<li>Wiem, czym s\u0105 zmiany klimatyczne.<\/li>\n<\/ul>\n<h3><span style=\"color: #007bb7;\">Grupy wiekowe:<\/span><\/h3>\n<ul>\n<li>lasy I &#8211; IV<\/li>\n<li>klasy V &#8211; VIII<\/li>\n<li>szko\u0142y ponadpodstawowe<\/li>\n<\/ul>\n<h3><span style=\"color: #007bb7;\">Pakiet zawiera:<\/span><\/h3>\n<ul>\n<li>prezentacj\u0119 z animacjami i grafikami<\/li>\n<li>autorskie filmy (ok. 5-10-cio minutowe)<\/li>\n<li>karty zada\u0144<\/li>\n<li>zadania aktywizuj\u0105ce<\/li>\n<li>quizy<\/li>\n<\/ul>\n<h3><span style=\"color: #007bb7;\">Dodatkowe informacje:<\/span><\/h3>\n<ul>\n<li>materia\u0142y s\u0105 udost\u0119pnione po zalogowaniu na stronie: www&#8230;&#8230;<br \/>\ni zg\u0142oszeniu grupy na zaj\u0119cia<\/li>\n<li>je\u015bli nauczyciel b\u0119dzie chcia\u0142 skorzysta\u0107 z pomocy naszego specjalisty, b\u0119dzie mia\u0142 mo\u017cliwo\u015b\u0107 realizacji czatu lub webinarium z uczniami i nauczycielem<\/li>\n<\/ul>\n<p>[\/et_pb_text][\/et_pb_column][\/et_pb_row][\/et_pb_section]<\/p>\n","protected":false},"excerpt":{"rendered":"<p>WARSZTATY EDUKACYJNE DLA UCZNI\u00d3W W ramach programu &#8222;Ochrona ekosystem\u00f3w &#8211; stop zmianom klimatu&#8221; realizujemy warsztaty edukacyjne dotycz\u0105ce zagadnie\u0144 zwi\u0105zanych ze zmianami klimatu. Edukacyjne warsztaty terenowe w 6 wariantach tematycznych przeznaczone dla uczni\u00f3w ze szk\u00f3\u0142 z wojew\u00f3dztw: kujawsko-pomorskiego, wielkopolskiego i warmi\u0144sko-mazurskiego. Warsztaty b\u0119d\u0105 przeprowadzane z podzia\u0142em na grupy wiekowe:przedszkole, klasy I &#8211; IV, klasy V &#8211; [&hellip;]<\/p>\n","protected":false},"author":3,"featured_media":0,"parent":0,"menu_order":0,"comment_status":"closed","ping_status":"closed","template":"","meta":{"_et_pb_use_builder":"on","_et_pb_old_content":"","_et_gb_content_width":"","inline_featured_image":false,"footnotes":""},"class_list":["post-129","page","type-page","status-publish","hentry"],"_links":{"self":[{"href":"https:\/\/stopzmianomklimatu.org.pl\/index.php\/wp-json\/wp\/v2\/pages\/129","targetHints":{"allow":["GET"]}}],"collection":[{"href":"https:\/\/stopzmianomklimatu.org.pl\/index.php\/wp-json\/wp\/v2\/pages"}],"about":[{"href":"https:\/\/stopzmianomklimatu.org.pl\/index.php\/wp-json\/wp\/v2\/types\/page"}],"author":[{"embeddable":true,"href":"https:\/\/stopzmianomklimatu.org.pl\/index.php\/wp-json\/wp\/v2\/users\/3"}],"replies":[{"embeddable":true,"href":"https:\/\/stopzmianomklimatu.org.pl\/index.php\/wp-json\/wp\/v2\/comments?post=129"}],"version-history":[{"count":16,"href":"https:\/\/stopzmianomklimatu.org.pl\/index.php\/wp-json\/wp\/v2\/pages\/129\/revisions"}],"predecessor-version":[{"id":454,"href":"https:\/\/stopzmianomklimatu.org.pl\/index.php\/wp-json\/wp\/v2\/pages\/129\/revisions\/454"}],"wp:attachment":[{"href":"https:\/\/stopzmianomklimatu.org.pl\/index.php\/wp-json\/wp\/v2\/media?parent=129"}],"curies":[{"name":"wp","href":"https:\/\/api.w.org\/{rel}","templated":true}]}}